{"id":2643,"date":"2023-03-13T13:16:04","date_gmt":"2023-03-13T12:16:04","guid":{"rendered":"http:\/\/elchupete.com\/?page_id=2643"},"modified":"2023-12-19T16:36:24","modified_gmt":"2023-12-19T15:36:24","slug":"festival-2022","status":"publish","type":"page","link":"https:\/\/elchupete.com\/en\/festival-2022\/","title":{"rendered":"Festival 2022"},"content":{"rendered":"<p>[et_pb_section fb_built=\u00bb1&#8243; fullwidth=\u00bbon\u00bb _builder_version=\u00bb4.16&#8243; _module_preset=\u00bbdefault\u00bb height=\u00bb70vh\u00bb max_height=\u00bb70vh\u00bb custom_margin=\u00bb2em||||false|false\u00bb global_colors_info=\u00bb{}\u00bb][et_pb_fullwidth_slider show_pagination=\u00bboff\u00bb _builder_version=\u00bb4.16&#8243; _module_preset=\u00bbdefault\u00bb header_font=\u00bbGotham Bold||||||||\u00bb body_font=\u00bbGotham Light||||||||\u00bb custom_button=\u00bbon\u00bb button_bg_color=\u00bbrgba(255,255,255,0.42)\u00bb button_border_width=\u00bb0px\u00bb button_border_radius=\u00bb10px\u00bb button_font=\u00bbGotham Bold||||||||\u00bb button_use_icon=\u00bboff\u00bb button_alignment=\u00bbleft\u00bb button_custom_padding=\u00bb10px||10px||true|false\u00bb text_orientation=\u00bbleft\u00bb max_width=\u00bb100%\u00bb module_alignment=\u00bbcenter\u00bb content_width=\u00bb90%\u00bb height=\u00bb70vh\u00bb max_height=\u00bb70vh\u00bb overflow-y=\u00bbauto\u00bb custom_margin=\u00bb0px|0px|0px|0px|true|true\u00bb custom_padding=\u00bb250px|0px|50px|0px|false|true\u00bb custom_padding_tablet=\u00bb200px||||false|true\u00bb custom_padding_phone=\u00bb100px|0px|100px|0px|false|true\u00bb custom_padding_last_edited=\u00bbon|desktop\u00bb header_font_size_tablet=\u00bb36px\u00bb header_font_size_phone=\u00bb36px\u00bb header_font_size_last_edited=\u00bbon|desktop\u00bb custom_css_slide_description=\u00bb||\u00bb global_colors_info=\u00bb{}\u00bb button_bg_color__hover_enabled=\u00bbon|hover\u00bb button_bg_color__hover=\u00bbrgba(255,255,255,0.21)\u00bb button_bg_enable_color__hover=\u00bbon\u00bb][et_pb_slide heading=\u00bbFestival 2022&#8243; _builder_version=\u00bb4.16&#8243; _module_preset=\u00bbdefault\u00bb header_font=\u00bbGotham Bold||||||||\u00bb background_color=\u00bbrgba(21,46,117,0.63)\u00bb background_enable_color=\u00bbon\u00bb use_background_color_gradient=\u00bbon\u00bb background_color_gradient_direction=\u00bb90deg\u00bb background_color_gradient_stops=\u00bbrgba(0,8,99,0.88) 0%|rgba(4,30,66,0.59) 100%\u00bb background_color_gradient_start=\u00bbrgba(0,8,99,0.88)\u00bb background_color_gradient_end=\u00bbrgba(4,30,66,0.59)\u00bb background_image=\u00bbhttp:\/\/elchupete.com\/wp-content\/uploads\/2022\/12\/20221130-GALA-EL-CHUPETE082.jpg\u00bb background_enable_image=\u00bbon\u00bb background_blend=\u00bbmultiply\u00bb max_width=\u00bb1200px\u00bb custom_padding=\u00bb|500px|||false|false\u00bb custom_padding_tablet=\u00bb|200px|||false|false\u00bb custom_padding_phone=\u00bb|0px|||false|false\u00bb custom_padding_last_edited=\u00bbon|phone\u00bb global_colors_info=\u00bb{}\u00bb sticky_transition=\u00bbon\u00bb]<\/p>\n<p>El Festival Internacional de Comunicaci\u00f3n Infantil El Chupete que ha celebrado su XVIII edici\u00f3n de forma totalmente presencial, ya ha elegido a sus ganadores. El evento, que tuvo lugar en el Espacio Ventas fue conducido por Leonor Lavado en una gala repleta de risas y emociones.<\/p>\n<p>[\/et_pb_slide][\/et_pb_fullwidth_slider][\/et_pb_section][et_pb_section fb_built=\u00bb1&#8243; disabled_on=\u00bboff|off|off\u00bb _builder_version=\u00bb4.16&#8243; _module_preset=\u00bbdefault\u00bb background_image=\u00bbhttp:\/\/elchupete.com\/wp-content\/uploads\/2021\/03\/elchupete-backnotes.jpg\u00bb min_height=\u00bb600px\u00bb min_height_tablet=\u00bb\u00bb min_height_phone=\u00bb\u00bb min_height_last_edited=\u00bbon|tablet\u00bb custom_margin=\u00bb|0px||0px|false|true\u00bb custom_margin_tablet=\u00bb|0px||0px|false|true\u00bb custom_margin_phone=\u00bb|0px||0px|false|true\u00bb custom_margin_last_edited=\u00bbon|phone\u00bb custom_padding=\u00bb|25px||25px|false|true\u00bb custom_css_main_element=\u00bbdisplay: flex;||flex-direction: column;||justify-content: center;||align-items: center;\u00bb locked=\u00bboff\u00bb global_colors_info=\u00bb{}\u00bb][et_pb_row column_structure=\u00bb1_2,1_2&#8243; _builder_version=\u00bb4.16&#8243; _module_preset=\u00bbdefault\u00bb width=\u00bb100%\u00bb max_width=\u00bb1200px\u00bb custom_margin=\u00bb0px||||false|false\u00bb custom_padding=\u00bb0px||||false|false\u00bb global_colors_info=\u00bb{}\u00bb][et_pb_column type=\u00bb1_2&#8243; _builder_version=\u00bb4.16&#8243; _module_preset=\u00bbdefault\u00bb global_colors_info=\u00bb{}\u00bb][et_pb_text _builder_version=\u00bb4.16&#8243; _module_preset=\u00bbdefault\u00bb header_text_color=\u00bb#226ea6&#8243; header_3_font=\u00bbGotham Bold||||||||\u00bb header_3_text_align=\u00bbleft\u00bb header_3_text_color=\u00bb#226ea6&#8243; header_3_font_size=\u00bb34px\u00bb global_colors_info=\u00bb{}\u00bb]<\/p>\n<h3>Grandes Premios<\/h3>\n<p>[\/et_pb_text][\/et_pb_column][et_pb_column type=\u00bb1_2&#8243; _builder_version=\u00bb4.16&#8243; _module_preset=\u00bbdefault\u00bb global_colors_info=\u00bb{}\u00bb][et_pb_button button_url=\u00bb#todos-ganadores\u00bb button_text=\u00bbTodos los Ganadores\u00bb button_alignment=\u00bbright\u00bb _builder_version=\u00bb4.16&#8243; _module_preset=\u00bbdefault\u00bb custom_button=\u00bbon\u00bb button_text_color=\u00bb#FFFFFF\u00bb button_bg_color=\u00bb#3e9cda\u00bb button_border_width=\u00bb0px\u00bb button_border_radius=\u00bb15px\u00bb button_font=\u00bbGotham Bold||||||||\u00bb button_use_icon=\u00bboff\u00bb global_colors_info=\u00bb{}\u00bb button_bg_color__hover=\u00bbrgba(62,156,218,0.79)\u00bb button_bg_color__hover_enabled=\u00bbon|hover\u00bb][\/et_pb_button][\/et_pb_column][\/et_pb_row][et_pb_row column_structure=\u00bb1_3,1_3,1_3&#8243; make_equal=\u00bbon\u00bb _builder_version=\u00bb4.16&#8243; _module_preset=\u00bbdefault\u00bb width=\u00bb100%\u00bb max_width=\u00bb1200px\u00bb custom_padding=\u00bb0px||0px||true|false\u00bb global_colors_info=\u00bb{}\u00bb][et_pb_column type=\u00bb1_3&#8243; _builder_version=\u00bb4.16&#8243; _module_preset=\u00bbdefault\u00bb background_color=\u00bb#041e42&#8243; border_radii=\u00bbon|15px|15px|15px|15px\u00bb global_colors_info=\u00bb{}\u00bb][et_pb_image src=\u00bbhttp:\/\/elchupete.com\/wp-content\/uploads\/2023\/01\/logo-muchoyo.png\u00bb title_text=\u00bblogo-muchoyo\u00bb align=\u00bbcenter\u00bb _builder_version=\u00bb4.16&#8243; _module_preset=\u00bbdefault\u00bb max_width=\u00bb200px\u00bb module_alignment=\u00bbcenter\u00bb custom_margin=\u00bb||0px||false|false\u00bb custom_padding=\u00bb15px||0px||false|false\u00bb locked=\u00bboff\u00bb global_colors_info=\u00bb{}\u00bb][\/et_pb_image][et_pb_text _builder_version=\u00bb4.16&#8243; _module_preset=\u00bbdefault\u00bb text_font=\u00bbGotham Medium|||on|||||\u00bb text_text_color=\u00bb#226ea6&#8243; text_orientation=\u00bbcenter\u00bb custom_margin=\u00bb0px||0px||true|false\u00bb custom_padding=\u00bb20px||20px||true|false\u00bb global_colors_info=\u00bb{}\u00bb]<\/p>\n<p>Gran premio mejor idea<\/p>\n<p>[\/et_pb_text][et_pb_text _builder_version=\u00bb4.16&#8243; _module_preset=\u00bbdefault\u00bb text_font=\u00bbGotham Medium||||||||\u00bb text_text_color=\u00bb#FFFFFF\u00bb header_4_font=\u00bbGotham Bold||||||||\u00bb header_4_text_align=\u00bbcenter\u00bb header_4_text_color=\u00bb#FFFFFF\u00bb header_4_font_size=\u00bb24px\u00bb header_4_line_height=\u00bb0.6em\u00bb text_orientation=\u00bbcenter\u00bb global_colors_info=\u00bb{}\u00bb]<\/p>\n<h4>Muchoy\u00f3<\/h4>\n<p>Zinkia<\/p>\n<p>\n<script><\/script>\n<\/p>\n<p>[\/et_pb_text][et_pb_video src=\u00bbhttps:\/\/www.youtube.com\/watch?v=6pT25mtxCpw\u00bb play_icon_color=\u00bb#FFFFFF\u00bb _builder_version=\u00bb4.16&#8243; _module_preset=\u00bbdefault\u00bb custom_margin=\u00bb||0px||false|false\u00bb custom_padding=\u00bb|20px|0px|20px|false|true\u00bb global_colors_info=\u00bb{}\u00bb][\/et_pb_video][et_pb_text _builder_version=\u00bb4.16&#8243; _module_preset=\u00bbdefault\u00bb text_font=\u00bbGotham Book||||||||\u00bb text_text_color=\u00bb#041e42&#8243; text_font_size=\u00bb16px\u00bb text_orientation=\u00bbcenter\u00bb global_colors_info=\u00bb{}\u00bb]<\/p>\n<p>BRANDED CONTENT<\/p>\n<p>[\/et_pb_text][\/et_pb_column][et_pb_column type=\u00bb1_3&#8243; _builder_version=\u00bb4.16&#8243; _module_preset=\u00bbdefault\u00bb background_color=\u00bb#041e42&#8243; border_radii=\u00bbon|15px|15px|15px|15px\u00bb global_colors_info=\u00bb{}\u00bb][et_pb_image src=\u00bbhttp:\/\/elchupete.com\/wp-content\/uploads\/2023\/03\/Barbie_Logo102x58.png\u00bb title_text=\u00bbBarbie Logo\u00bb align=\u00bbcenter\u00bb _builder_version=\u00bb4.19.4&#8243; _module_preset=\u00bbdefault\u00bb max_width=\u00bb100px\u00bb module_alignment=\u00bbcenter\u00bb custom_margin=\u00bb||0px||false|false\u00bb custom_padding=\u00bb15px||0px||false|false\u00bb locked=\u00bboff\u00bb global_colors_info=\u00bb{}\u00bb][\/et_pb_image][et_pb_text _builder_version=\u00bb4.19.4&#8243; _module_preset=\u00bbdefault\u00bb text_font=\u00bbGotham Medium|||on|||||\u00bb text_text_color=\u00bb#226ea6&#8243; text_orientation=\u00bbcenter\u00bb custom_margin=\u00bb0px||0px||true|false\u00bb custom_padding=\u00bb20px||20px||true|false\u00bb global_colors_info=\u00bb{}\u00bb]<\/p>\n<p>GRAN PREMIO INNOVACI\u00d3N<\/p>\n<p>[\/et_pb_text][et_pb_text _builder_version=\u00bb4.19.4&#8243; _module_preset=\u00bbdefault\u00bb text_font=\u00bbGotham Medium||||||||\u00bb text_text_color=\u00bb#FFFFFF\u00bb header_4_font=\u00bbGotham Bold||||||||\u00bb header_4_text_align=\u00bbcenter\u00bb header_4_text_color=\u00bb#FFFFFF\u00bb header_4_font_size=\u00bb24px\u00bb header_4_line_height=\u00bb0.6em\u00bb text_orientation=\u00bbcenter\u00bb global_colors_info=\u00bb{}\u00bb]<\/p>\n<h4>Barbie Astronauta<\/h4>\n<p>Mattel<\/p>\n<p>\n<script><\/script>\n<\/p>\n<p>[\/et_pb_text][et_pb_video src=\u00bbhttps:\/\/vimeo.com\/733133984&#8243; play_icon_color=\u00bb#FFFFFF\u00bb _builder_version=\u00bb4.19.4&#8243; _module_preset=\u00bbdefault\u00bb custom_margin=\u00bb||0px||false|false\u00bb custom_padding=\u00bb|20px|0px|20px|false|true\u00bb global_colors_info=\u00bb{}\u00bb][\/et_pb_video][et_pb_text _builder_version=\u00bb4.16&#8243; _module_preset=\u00bbdefault\u00bb text_font=\u00bbGotham Book||||||||\u00bb text_text_color=\u00bb#041e42&#8243; text_font_size=\u00bb16px\u00bb text_orientation=\u00bbcenter\u00bb global_colors_info=\u00bb{}\u00bb]<\/p>\n<p>BRANDED CONTENT<\/p>\n<p>[\/et_pb_text][\/et_pb_column][et_pb_column type=\u00bb1_3&#8243; _builder_version=\u00bb4.16&#8243; _module_preset=\u00bbdefault\u00bb background_color=\u00bb#041e42&#8243; border_radii=\u00bbon|15px|15px|15px|15px\u00bb global_colors_info=\u00bb{}\u00bb][et_pb_image src=\u00bbhttp:\/\/elchupete.com\/wp-content\/uploads\/2021\/12\/logo-fad2.png\u00bb title_text=\u00bblogo3&#8243; align=\u00bbcenter\u00bb _builder_version=\u00bb4.16&#8243; _module_preset=\u00bbdefault\u00bb max_width=\u00bb200px\u00bb module_alignment=\u00bbcenter\u00bb custom_margin=\u00bb||0px||false|false\u00bb custom_padding=\u00bb15px||0px||false|false\u00bb locked=\u00bboff\u00bb global_colors_info=\u00bb{}\u00bb][\/et_pb_image][et_pb_text _builder_version=\u00bb4.19.4&#8243; _module_preset=\u00bbdefault\u00bb text_font=\u00bbGotham Medium|||on|||||\u00bb text_text_color=\u00bb#226ea6&#8243; text_orientation=\u00bbcenter\u00bb custom_margin=\u00bb0px||0px||true|false\u00bb custom_padding=\u00bb20px|20px|20px|20px|true|true\u00bb global_colors_info=\u00bb{}\u00bb]<\/p>\n<p>GRAN PREMIO MEJOR ESTRATEGIA DE MARCA<\/p>\n<p>[\/et_pb_text][et_pb_text _builder_version=\u00bb4.16&#8243; _module_preset=\u00bbdefault\u00bb text_font=\u00bbGotham Medium||||||||\u00bb text_text_color=\u00bb#FFFFFF\u00bb header_4_font=\u00bbGotham Bold||||||||\u00bb header_4_text_align=\u00bbcenter\u00bb header_4_text_color=\u00bb#FFFFFF\u00bb header_4_font_size=\u00bb24px\u00bb header_4_line_height=\u00bb0.6em\u00bb text_orientation=\u00bbcenter\u00bb global_colors_info=\u00bb{}\u00bb]<\/p>\n<h4>Adolescencia<\/h4>\n<p>FAD &#8211; Pink Lab<\/p>\n<p>[\/et_pb_text][et_pb_video src=\u00bbhttps:\/\/www.youtube.com\/watch?v=EzTHekk98T8&#8243; play_icon_color=\u00bb#FFFFFF\u00bb _builder_version=\u00bb4.16&#8243; _module_preset=\u00bbdefault\u00bb custom_margin=\u00bb||0px||false|false\u00bb custom_padding=\u00bb|20px|0px|20px|false|true\u00bb global_colors_info=\u00bb{}\u00bb][\/et_pb_video][et_pb_text _builder_version=\u00bb4.16&#8243; _module_preset=\u00bbdefault\u00bb text_font=\u00bbGotham Book||||||||\u00bb text_text_color=\u00bb#041e42&#8243; text_font_size=\u00bb16px\u00bb text_orientation=\u00bbcenter\u00bb global_colors_info=\u00bb{}\u00bb]<\/p>\n<p>BRANDED CONTENT<\/p>\n<p>[\/et_pb_text][\/et_pb_column][\/et_pb_row][\/et_pb_section][et_pb_section fb_built=\u00bb1&#8243; custom_padding_last_edited=\u00bbon|desktop\u00bb admin_label=\u00bbArt\u00edculo\u00bb _builder_version=\u00bb4.16&#8243; _module_preset=\u00bbdefault\u00bb background_image=\u00bbhttp:\/\/elchupete.com\/wp-content\/uploads\/2021\/03\/elchupete-backnotes.jpg\u00bb min_height_tablet=\u00bb\u00bb min_height_phone=\u00bb\u00bb min_height_last_edited=\u00bbon|tablet\u00bb custom_margin=\u00bb|0px|0px|0px|false|true\u00bb custom_margin_tablet=\u00bb|0px||0px|false|true\u00bb custom_margin_phone=\u00bb|0px||0px|false|true\u00bb custom_margin_last_edited=\u00bbon|phone\u00bb custom_padding=\u00bb|25px|0px|25px|false|true\u00bb custom_padding_tablet=\u00bb25px||||false|true\u00bb custom_padding_phone=\u00bb25px|25px|0px|25px|false|true\u00bb locked=\u00bboff\u00bb global_colors_info=\u00bb{}\u00bb][et_pb_row _builder_version=\u00bb4.16&#8243; _module_preset=\u00bbdefault\u00bb width=\u00bb100%\u00bb max_width=\u00bb1200px\u00bb custom_margin=\u00bb||0px||false|false\u00bb custom_padding=\u00bb||0px||false|false\u00bb global_colors_info=\u00bb{}\u00bb][et_pb_column type=\u00bb4_4&#8243; _builder_version=\u00bb4.16&#8243; _module_preset=\u00bbdefault\u00bb global_colors_info=\u00bb{}\u00bb][et_pb_text _builder_version=\u00bb4.19.4&#8243; _module_preset=\u00bbdefault\u00bb text_font=\u00bbGotham Bold||||||||\u00bb text_text_color=\u00bb#041e42&#8243; text_font_size=\u00bb15px\u00bb text_line_height=\u00bb1em\u00bb header_text_color=\u00bb#226ea6&#8243; header_3_font=\u00bbGotham Bold||||||||\u00bb header_3_text_align=\u00bbleft\u00bb header_3_text_color=\u00bb#226ea6&#8243; header_3_font_size=\u00bb34px\u00bb text_line_height_tablet=\u00bb1.2em\u00bb text_line_height_phone=\u00bb\u00bb text_line_height_last_edited=\u00bbon|desktop\u00bb locked=\u00bboff\u00bb global_colors_info=\u00bb{}\u00bb]<\/p>\n<ul>\n<li>La Agencia PINK gana el Gran Premio a la Estrategia de Marca por su trabajo para la FAD.<\/li>\n<li>MATTEL se alza con el Gran Premio Innovaci\u00f3n por su Barbie Astronauta.<\/li>\n<li>El proyecto \u201cMuchoy\u00f3. La infancia tiene voz\u201d de Zinkia, Jorge Martinez, Arena Media y Collage para \u201cThe Children\u2019s Revolution\u201d (Aldeas Infantiles SOS, Educo, Plan International, Save The Children, UNICEF Espa\u00f1a y World Vision) se ha llevado el Gran Premio Mejor Idea.<\/li>\n<li>Adem\u00e1s, se entregaron 3 Chupetes Especiales en reconocimiento a la labor de Santiago Segura, como mejor comunicador, D\u2019Artacan como mejor personaje infantil y a Lego por su trayectoria de marca.<\/li>\n<\/ul>\n<p>[\/et_pb_text][et_pb_text _builder_version=\u00bb4.19.4&#8243; _module_preset=\u00bbdefault\u00bb text_font=\u00bbGotham Light||||||||\u00bb text_text_color=\u00bb#041e42&#8243; text_font_size=\u00bb16px\u00bb header_text_color=\u00bb#226ea6&#8243; header_3_font=\u00bbGotham Bold||||||||\u00bb header_3_text_align=\u00bbleft\u00bb header_3_text_color=\u00bb#226ea6&#8243; header_3_font_size=\u00bb34px\u00bb global_colors_info=\u00bb{}\u00bb]<\/p>\n<p>El Festival Internacional de Comunicaci\u00f3n Infantil El Chupete que ha celebrado su XVIII edici\u00f3n de forma totalmente presencial, ya ha elegido a sus ganadores. El evento, que tuvo lugar en el Espacio Ventas fue conducido por Leonor Lavado en una gala repleta de risas y emociones.<\/p>\n<p>D\u2019Artac\u00e1n, personaje creado por el recientemente fallecido Claudio Biern fue premiado con el Chupete Especial del Jurado al Mejor Personaje Infantil y la familia Biern recogi\u00f3 el premio entre una emocionante ovaci\u00f3n.<\/p>\n<p>Asimismo, desde la organizaci\u00f3n de El Chupete, se concedi\u00f3 un Chupete Especial esta vez a Santiago Segura, por toda su trayectoria de comunicador infantil, sobre todo por sus pel\u00edculas m\u00e1s recientes como \u201cPadre no hay m\u00e1s que uno\u201d. El actor y productor tuvo unas palabras para los asistentes.<\/p>\n<p>Como final de los premios Especiales, LEGO fue galardonado con el \u201cPremio Especial\u201d por su Trayectoria de Marca.<\/p>\n<p>En esta edici\u00f3n adem\u00e1s de los premios citados anteriormente, se han otorgado por parte del Jurado de El Chupete 2022 presidido por Germ\u00e1n Silva un total de 18 galardones seleccionados entre todas las candidaturas recibidas.<\/p>\n<p>Adem\u00e1s de estos premiados, se han alzado con los premios especiales de El chupete 2022 se encuentran MATTEL con el Gran Premio de Innovaci\u00f3n por \u201cBarbie Astronauta\u201d, \u201cMuchoy\u00f3. La infancia tiene voz\u201d de Zinkia, Jorge Martinez, Arena Media y Collage con el Gran Premio Mejor Idea por su campa\u00f1a para \u201cThe Children\u2019s Revolution\u201d (Aldeas Infantiles SOS, Educo, Plan International, Save The Children, UNICEF Espa\u00f1a y World Vision) y como gran colof\u00f3n final de la noche, la agencia PINK con el trabajo desarrollado para la FAD ganadores del Gran Premio a la Mejor Estrategia.<\/p>\n<p>&nbsp;<\/p>\n<p>&nbsp;<\/p>\n<p>&nbsp;<\/p>\n<p>[\/et_pb_text][\/et_pb_column][\/et_pb_row][\/et_pb_section][et_pb_section fb_built=\u00bb1&#8243; disabled_on=\u00bboff|off|off\u00bb _builder_version=\u00bb4.16&#8243; _module_preset=\u00bbdefault\u00bb background_color=\u00bb#041e42&#8243; background_enable_image=\u00bboff\u00bb min_height=\u00bb600px\u00bb min_height_tablet=\u00bb\u00bb min_height_phone=\u00bb\u00bb min_height_last_edited=\u00bbon|tablet\u00bb custom_margin=\u00bb|0px||0px|false|true\u00bb custom_margin_tablet=\u00bb|0px||0px|false|true\u00bb custom_margin_phone=\u00bb|0px||0px|false|true\u00bb custom_margin_last_edited=\u00bbon|phone\u00bb custom_padding=\u00bb|25px||25px|false|true\u00bb custom_css_main_element=\u00bbdisplay: flex;||flex-direction: column;||justify-content: center;||align-items: center;\u00bb locked=\u00bboff\u00bb global_colors_info=\u00bb{}\u00bb][et_pb_row column_structure=\u00bb1_2,1_2&#8243; custom_padding_last_edited=\u00bbon|tablet\u00bb _builder_version=\u00bb4.16&#8243; _module_preset=\u00bbdefault\u00bb width=\u00bb100%\u00bb max_width=\u00bb1200px\u00bb custom_margin=\u00bb0px|auto|0px|auto|false|false\u00bb custom_padding_tablet=\u00bb||||false|false\u00bb custom_padding_phone=\u00bb\u00bb global_colors_info=\u00bb{}\u00bb][et_pb_column type=\u00bb1_2&#8243; _builder_version=\u00bb4.16&#8243; _module_preset=\u00bbdefault\u00bb global_colors_info=\u00bb{}\u00bb][et_pb_text _builder_version=\u00bb4.16&#8243; _module_preset=\u00bbdefault\u00bb header_text_color=\u00bb#226ea6&#8243; header_3_font=\u00bbGotham Bold||||||||\u00bb header_3_text_align=\u00bbleft\u00bb header_3_text_color=\u00bb#226ea6&#8243; header_3_font_size=\u00bb34px\u00bb custom_padding_tablet=\u00bb\u00bb custom_padding_phone=\u00bb\u00bb custom_padding_last_edited=\u00bbon|tablet\u00bb global_colors_info=\u00bb{}\u00bb]<\/p>\n<h3>As\u00ed fue<\/h3>\n<p>[\/et_pb_text][et_pb_text _builder_version=\u00bb4.16&#8243; _module_preset=\u00bbdefault\u00bb text_font=\u00bbGotham Light||||||||\u00bb text_text_color=\u00bb#FFFFFF\u00bb text_font_size=\u00bb16px\u00bb header_text_color=\u00bb#226ea6&#8243; header_3_font=\u00bbGotham Bold||||||||\u00bb header_3_text_align=\u00bbleft\u00bb header_3_text_color=\u00bb#226ea6&#8243; header_3_font_size=\u00bb34px\u00bb global_colors_info=\u00bb{}\u00bb]<\/p>\n<p><span>Os hemos dejado las fotos a trav\u00e9s de esta misma p\u00e1gina para que volv\u00e1is a disfrutar del resumen de lo que fue el Festival.<\/span><\/p>\n<p>El Festival Internacional de Comunicaci\u00f3n Infantil El Chupete que ha celebrado su XVIII edici\u00f3n de forma totalmente presencial, ya ha elegido a sus ganadores. El evento, que tuvo lugar en el Espacio Ventas fue conducido por Leonor Lavado en una gala repleta de risas y emociones.<\/p>\n<p>D\u2019Artac\u00e1n, personaje creado por el recientemente fallecido Claudio Biern fue premiado con el Chupete Especial del Jurado al Mejor Personaje Infantil y la familia Biern recogi\u00f3 el premio entre una emocionante ovaci\u00f3n.<\/p>\n<p><span>Desde la organizaci\u00f3n queremos dar las gracias a todas las agencias, anunciantes, medios, a los miembros del jurado, y en general a todos los profesionales por el esfuerzo.\u00a0<\/span><\/p>\n<p>[\/et_pb_text][\/et_pb_column][et_pb_column type=\u00bb1_2&#8243; _builder_version=\u00bb4.16&#8243; _module_preset=\u00bbdefault\u00bb global_colors_info=\u00bb{}\u00bb][et_pb_video src=\u00bbhttps:\/\/youtu.be\/uyELYCM_OzE\u00bb image_src=\u00bbhttp:\/\/elchupete.com\/wp-content\/uploads\/2022\/12\/20221130-GALA-EL-CHUPETE044.jpg\u00bb disabled_on=\u00bboff|off|off\u00bb _builder_version=\u00bb4.19.4&#8243; _module_preset=\u00bbdefault\u00bb custom_margin=\u00bb6em||||false|false\u00bb global_colors_info=\u00bb{}\u00bb][\/et_pb_video][\/et_pb_column][\/et_pb_row][\/et_pb_section][et_pb_section fb_built=\u00bb1&#8243; _builder_version=\u00bb4.19.4&#8243; _module_preset=\u00bbdefault\u00bb background_image=\u00bbhttp:\/\/elchupete.com\/wp-content\/uploads\/2021\/03\/elchupete-backnotes.jpg\u00bb global_colors_info=\u00bb{}\u00bb][et_pb_row _builder_version=\u00bb4.16&#8243; _module_preset=\u00bbdefault\u00bb global_colors_info=\u00bb{}\u00bb][et_pb_column type=\u00bb4_4&#8243; _builder_version=\u00bb4.16&#8243; _module_preset=\u00bbdefault\u00bb global_colors_info=\u00bb{}\u00bb][et_pb_gallery gallery_ids=\u00bb2646,2647,2648,2649,2650,2651,2652,2653,2654,2655,2656,2657,2658,2659,2660,2661,2662,2663,2664,2665,2666,2667,2668,2669,2670,2671,2672,2673,2674,2675,2676,2677&#8243; fullwidth=\u00bbon\u00bb _builder_version=\u00bb4.16&#8243; _module_preset=\u00bbdefault\u00bb global_colors_info=\u00bb{}\u00bb][\/et_pb_gallery][et_pb_gallery gallery_ids=\u00bb2646,2647,2648,2649,2650,2651,2652,2653,2654,2655,2656,2657,2658,2659,2660,2661,2662,2663,2664,2665,2666,2667,2668,2669,2670,2671,2672,2673,2674,2675,2676,2677&#8243; admin_label=\u00bbRejilla\u00bb _builder_version=\u00bb4.16&#8243; _module_preset=\u00bbdefault\u00bb global_colors_info=\u00bb{}\u00bb][\/et_pb_gallery][et_pb_text _builder_version=\u00bb4.19.4&#8243; _module_preset=\u00bbdefault\u00bb header_text_color=\u00bb#226ea6&#8243; header_3_font=\u00bbGotham Bold||||||||\u00bb header_3_text_align=\u00bbleft\u00bb header_3_text_color=\u00bb#226ea6&#8243; header_3_font_size=\u00bb21px\u00bb background_color=\u00bb#041e42&#8243; module_alignment=\u00bbcenter\u00bb custom_margin=\u00bb-2em||||false|false\u00bb custom_padding=\u00bb10px|10px|10px|10px|false|false\u00bb hover_enabled=\u00bb0&#8243; global_colors_info=\u00bb{}\u00bb text_font=\u00bbGotham Book||||||||\u00bb text_text_color=\u00bb#FFFFFF\u00bb sticky_enabled=\u00bb0&#8243;]<\/p>\n<p>Descargar todas las fotos de la\u00a0<a href=\"http:\/\/elchupete.com\/files\/gala.zip\">Gala 2022<\/a><\/p>\n<p>[\/et_pb_text][\/et_pb_column][\/et_pb_row][\/et_pb_section][et_pb_section fb_built=\u00bb1&#8243; custom_padding_last_edited=\u00bbon|desktop\u00bb admin_label=\u00bbArt\u00edculo\u00bb module_id=\u00bbtodos-ganadores\u00bb _builder_version=\u00bb4.16&#8243; _module_preset=\u00bbdefault\u00bb background_image=\u00bbhttp:\/\/elchupete.com\/wp-content\/uploads\/2021\/03\/elchupete-backnotes.jpg\u00bb min_height_tablet=\u00bb\u00bb min_height_phone=\u00bb\u00bb min_height_last_edited=\u00bbon|tablet\u00bb custom_margin=\u00bb|0px|0px|0px|false|true\u00bb custom_margin_tablet=\u00bb|0px||0px|false|true\u00bb custom_margin_phone=\u00bb|0px|100px|0px|false|true\u00bb custom_margin_last_edited=\u00bbon|phone\u00bb custom_padding=\u00bb|25px|0px|25px|false|true\u00bb custom_padding_tablet=\u00bb25px||||false|true\u00bb custom_padding_phone=\u00bb25px|25px|0px|25px|false|true\u00bb locked=\u00bboff\u00bb global_colors_info=\u00bb{}\u00bb][et_pb_row _builder_version=\u00bb4.16&#8243; _module_preset=\u00bbdefault\u00bb width=\u00bb100%\u00bb max_width=\u00bb1200px\u00bb custom_margin=\u00bb0px||0px||false|false\u00bb custom_padding=\u00bb||0px||false|false\u00bb global_colors_info=\u00bb{}\u00bb][et_pb_column type=\u00bb4_4&#8243; _builder_version=\u00bb4.16&#8243; _module_preset=\u00bbdefault\u00bb global_colors_info=\u00bb{}\u00bb][et_pb_text _builder_version=\u00bb4.19.4&#8243; _module_preset=\u00bbdefault\u00bb header_text_color=\u00bb#226ea6&#8243; header_3_font=\u00bbGotham Bold||||||||\u00bb header_3_text_align=\u00bbleft\u00bb header_3_text_color=\u00bb#226ea6&#8243; header_3_font_size=\u00bb34px\u00bb custom_padding_tablet=\u00bb\u00bb custom_padding_phone=\u00bb\u00bb custom_padding_last_edited=\u00bbon|tablet\u00bb locked=\u00bboff\u00bb global_colors_info=\u00bb{}\u00bb]<\/p>\n<h3>Palmar\u00e9s El Chupete 2022<\/h3>\n<p>[\/et_pb_text][et_pb_text _builder_version=\u00bb4.19.4&#8243; _module_preset=\u00bbdefault\u00bb text_font=\u00bbGotham Light||||||||\u00bb text_text_color=\u00bb#041e42&#8243; text_font_size=\u00bb16px\u00bb header_text_color=\u00bb#226ea6&#8243; header_3_font=\u00bbGotham Bold||||||||\u00bb header_3_text_align=\u00bbleft\u00bb header_3_text_color=\u00bb#226ea6&#8243; header_3_font_size=\u00bb34px\u00bb header_4_font=\u00bbGotham Medium||||||||\u00bb header_4_text_color=\u00bb#041e42&#8243; global_colors_info=\u00bb{}\u00bb]<\/p>\n<h4><strong>BRANDED CONTENT<\/strong><\/h4>\n<p>\u201cMuchoy\u00f3. La infancia tiene voz\u201d de Zinkia, Jorge Martinez, Arena Media y Collage para \u201cThe Children\u2019s Revolution\u201d (Aldeas Infantiles SOS, Educo, Plan International, Save The Children, UNICEF Espa\u00f1a y World Vision).<\/p>\n<p>\u201cVence al Rey\u201d de CLV para PlayStation<\/p>\n<h4><strong>CAMPA\u00d1A SOCIAL<\/strong><\/h4>\n<p>\u201cAdolescencia\u201d de PINK para FAD<\/p>\n<p>\u201cBye Bye Quimio\u201d de Fundaci\u00f3n Juegaterapia<\/p>\n<p>\u201c#NoLeDesAlCoco\u201d de PINK para FAD<\/p>\n<p>\u201cRepite conmigo: soy \u00fanic@\u201d de BBDO &amp; Proximity para ColaCao<\/p>\n<p>\u201cTEO descubre el c\u00e1ncer\u201d de Rosaparks para Bayer<\/p>\n<h4><strong>CINE Y TV<\/strong><\/h4>\n<p>\u201cAdolescencia\u201d de PINK para FAD<\/p>\n<p>\u201cEtiqu\u00e9talos como algo \u00fanico\u201d de TACTICS EUROPE para DOP Esp\u00e1rrago de Navarra<\/p>\n<h4><strong>DIGITAL Y M\u00d3VIL<\/strong><\/h4>\n<p>\u201cBanea el c\u00e1ncer\u201d de VMLY&amp;R Health para Bristol Myers-Squibb<\/p>\n<p>\u201cConstelaci\u00f3n Lightyear\u201d de Havas Worldwide para Pixar<\/p>\n<p>\u201cToma Relleno\u201d de Mi Querido Watson Comunicaci\u00f3n para Fiesta<\/p>\n<h4><strong>EVENTOS<\/strong><\/h4>\n<p>\u201cCabalgata, deseo concedido\u201d de Isobar para Fundaci\u00f3n Aladina<br \/>Gr\u00e1fica<\/p>\n<p>\u201cOh, colorida Navidad\u201d de Havas Worldwide para Disney+<\/p>\n<h4><strong>MEJOR JUGUETE<\/strong><\/h4>\n<p>\u201cBarbie Dream Gap-Barbie Astronauta\u201d de Mattel<\/p>\n<h4><strong>M\u00daSICA<\/strong><\/h4>\n<p>\u201cMuchoy\u00f3. La infancia tiene voz\u201d de Zinkia, Jorge Martinez, Arena Media y Collage para \u201cThe Children\u2019s Revolution\u201d (Aldeas Infantiles SOS, Educo, Plan International, Save The Children, UNICEF Espa\u00f1a y World Vision).<\/p>\n<p>\u201cTr\u00e1tame bien\u201d de Siberia para Turrones Pic\u00f3<\/p>\n<p>\u201c#NoLeDesAlCoco\u201d de PINK para FAD<\/p>\n<p>&nbsp;<\/p>\n<p>[\/et_pb_text][\/et_pb_column][\/et_pb_row][\/et_pb_section][et_pb_section fb_built=\u00bb1&#8243; custom_padding_last_edited=\u00bbon|desktop\u00bb admin_label=\u00bbArt\u00edculo\u00bb module_id=\u00bbtodos-ganadores\u00bb _builder_version=\u00bb4.19.4&#8243; _module_preset=\u00bbdefault\u00bb background_image=\u00bbhttp:\/\/elchupete.com\/wp-content\/uploads\/2021\/03\/elchupete-backnotes.jpg\u00bb min_height_tablet=\u00bb\u00bb min_height_phone=\u00bb\u00bb min_height_last_edited=\u00bbon|tablet\u00bb custom_margin=\u00bb0px|0px|0px|0px|false|true\u00bb custom_margin_tablet=\u00bb|0px||0px|false|true\u00bb custom_margin_phone=\u00bb|0px|100px|0px|false|true\u00bb custom_margin_last_edited=\u00bbon|phone\u00bb custom_padding=\u00bb0px|25px|25px|25px|false|true\u00bb custom_padding_tablet=\u00bb25px||||false|true\u00bb custom_padding_phone=\u00bb25px|25px|0px|25px|false|true\u00bb locked=\u00bboff\u00bb global_colors_info=\u00bb{}\u00bb][et_pb_row _builder_version=\u00bb4.16&#8243; _module_preset=\u00bbdefault\u00bb width=\u00bb100%\u00bb max_width=\u00bb1200px\u00bb custom_margin=\u00bb0px||0px||false|false\u00bb custom_padding=\u00bb||0px||false|false\u00bb global_colors_info=\u00bb{}\u00bb][et_pb_column type=\u00bb4_4&#8243; _builder_version=\u00bb4.16&#8243; _module_preset=\u00bbdefault\u00bb global_colors_info=\u00bb{}\u00bb][et_pb_text _builder_version=\u00bb4.19.4&#8243; _module_preset=\u00bbdefault\u00bb text_font=\u00bbGotham Light||||||||\u00bb text_text_color=\u00bb#041e42&#8243; text_font_size=\u00bb16px\u00bb header_text_color=\u00bb#226ea6&#8243; header_3_font=\u00bbGotham Bold||||||||\u00bb header_3_text_align=\u00bbleft\u00bb header_3_text_color=\u00bb#226ea6&#8243; header_3_font_size=\u00bb34px\u00bb header_4_font=\u00bbGotham Medium|600||on|||||\u00bb header_4_text_color=\u00bb#041e42&#8243; global_colors_info=\u00bb{}\u00bb]<\/p>\n<h4>Menci\u00f3n Especial El Chupete Joven<\/h4>\n<p><strong><\/strong><\/p>\n<p><strong>\u201cViej\u00f3venes Fosterianos\u201d<\/strong> de Mireia Rey Asenjo, Laura Romero Richaud, Ana S\u00e1ez Gonz\u00e1lez y Luc\u00eda Benito para Foster Hollywood.<\/p>\n<p>Esta edici\u00f3n de El Chupete 2022, adem\u00e1s de ser de una calidad alt\u00edsima en cuanto a premios, quiso devolver la emoci\u00f3n y diversi\u00f3n de a\u00f1os anteriores a la gala con las emotivas actuaciones musicales de <strong>V\u00edctor El\u00edas<\/strong>; que compuso una nueva melod\u00eda para El Chupete, y de los ni\u00f1os de Acci\u00f3n por la M\u00fasica. Las risas que provocaba la fant\u00e1stica presentadora <strong>Leonor Lavado<\/strong> tambi\u00e9n continuaron a trav\u00e9s del Reto Recfy que se cre\u00f3 en directo y podr\u00e1 verse en los canales de El Chupete.<\/p>\n<p>Adem\u00e1s, en la Gala hubo un momento importante de reconocimiento a LA <strong><a href=\"https:\/\/manifiesto.biz\/es\" target=\"_blank\" rel=\"noopener\">Agencia Manifiesto<\/a><\/strong>, creadores la campa\u00f1a de El Chupete 2022 <strong>#ElChupetedelaPaz<\/strong> con la que se pretende dar que hablar en el sector, agitarlo. <strong>Fede Arce<\/strong> y <strong>Jes\u00fas de la Rosa<\/strong> explicaron la idea de la campa\u00f1a y la forma creativa para desarrollar el concepto: haci\u00e9ndose eco de actores pol\u00e9micos de la actualidad, pero tambi\u00e9n del \u00e1mbito infantil, asimilando El Chupete no solo a un premio, ya sea en la infancia o en el \u00e1mbito profesional, sino tambi\u00e9n a un \u201ccalmante\u201d un objeto que ante las rabietas da paz a quien lo lleva y a los de su alrededor. Y ese que, sin duda, como reza la campa\u00f1a <a href=\"https:\/\/youtu.be\/lqRLK7rCXmI\" target=\"_blank\" rel=\"noopener\"><strong>\u201cEl mundo necesita m\u00e1s Chupetes\u201d<\/strong><\/a>.\u202f La campa\u00f1a puede verse en los principales canales de El Chupete, redes sociales y revistas del sector as\u00ed como en YouTube.<\/p>\n<p>Asimismo, sin olvidar la responsabilidad en la comunicaci\u00f3n que tiene por bandera la marca El Chupete, este a\u00f1o se quiso sumar la preocupaci\u00f3n por la sostenibilidad y \u201cEl Chupete\u201d ha firmado un acuerdo con <a href=\"https:\/\/creast.network\/landing\/\" target=\"_blank\" rel=\"noopener\"><strong>Creast<\/strong><\/a>, empresa espa\u00f1ola pionera en la reducci\u00f3n y medici\u00f3n de la huella de carbono y especializada en el sector del entretenimiento, para medir el impacto medioambiental de la XVIII edici\u00f3n del festival. Tras la aplicaci\u00f3n de distintas medidas de reducci\u00f3n de emisiones por parte del equipo de El Chupete, Creast llevar\u00e1 a cabo una medici\u00f3n rigurosa y basada en evidencias de las principales \u00e1reas de emisiones de CO2 (energ\u00eda, movilidad, catering, materiales, residuos, alojamientos y agua). De este modo, se podr\u00e1 conocer la huella de carbono final del certamen.<\/p>\n<p>Desde El Chupete esperamos cumplir otros 18 a\u00f1os m\u00e1s velando por la creatividad y la responsabilidad en la comunicaci\u00f3n infantil y agradecemos a todos los partners haber hecho posible una gala \u00fanica.<\/p>\n<p>&nbsp;<\/p>\n<p>[\/et_pb_text][\/et_pb_column][\/et_pb_row][\/et_pb_section]<\/p>\n","protected":false},"excerpt":{"rendered":"<p>El Festival Internacional de Comunicaci\u00f3n Infantil El Chupete que ha celebrado su XVIII edici\u00f3n de forma totalmente presencial, ya ha elegido a sus ganadores. El evento, que tuvo lugar en el Espacio Ventas fue conducido por Leonor Lavado en una gala repleta de risas y emociones.Grandes PremiosGran premio mejor ideaMuchoy\u00f3 Zinkia BRANDED CONTENTGRAN PREMIO INNOVACI\u00d3NBarbie [&hellip;]<\/p>\n","protected":false},"author":4,"featured_media":0,"parent":0,"menu_order":0,"comment_status":"closed","ping_status":"closed","template":"","meta":{"_acf_changed":false,"_et_pb_use_builder":"on","_et_pb_old_content":"","_et_gb_content_width":"","footnotes":""},"class_list":["post-2643","page","type-page","status-publish","hentry"],"acf":[],"yoast_head":"<!-- This site is optimized with the Yoast SEO plugin v27.5 - https:\/\/yoast.com\/product\/yoast-seo-wordpress\/ -->\n<title>El Chupete - Festival Internacional de Comunicaci\u00f3n Infantil 2020<\/title>\n<meta name=\"description\" content=\"Festival Internacional de Comunicaci\u00f3n Infantil celebr\u00f3 su XVI Edici\u00f3n en formato semi-presencial desde El C\u00edrculo de Bellas Artes de Madrid.\" \/>\n<meta name=\"robots\" content=\"index, follow, max-snippet:-1, max-image-preview:large, max-video-preview:-1\" \/>\n<link rel=\"canonical\" href=\"https:\/\/elchupete.com\/en\/festival-2022\/\" \/>\n<meta property=\"og:locale\" content=\"en_GB\" \/>\n<meta property=\"og:type\" content=\"article\" \/>\n<meta property=\"og:title\" content=\"El Chupete - Festival Internacional de Comunicaci\u00f3n Infantil 2020\" \/>\n<meta property=\"og:description\" content=\"Festival Internacional de Comunicaci\u00f3n Infantil celebr\u00f3 su XVI Edici\u00f3n en formato semi-presencial desde El C\u00edrculo de Bellas Artes de Madrid.\" \/>\n<meta property=\"og:url\" content=\"https:\/\/elchupete.com\/en\/festival-2022\/\" \/>\n<meta property=\"og:site_name\" content=\"El Chupete\" \/>\n<meta property=\"article:publisher\" content=\"https:\/\/www.facebook.com\/festivalelchupete\/\" \/>\n<meta property=\"article:modified_time\" content=\"2023-12-19T15:36:24+00:00\" \/>\n<meta property=\"og:image\" content=\"https:\/\/elchupete.com\/wp-content\/uploads\/2022\/09\/elchupete-logo-color.png\" \/>\n\t<meta property=\"og:image:width\" content=\"1300\" \/>\n\t<meta property=\"og:image:height\" content=\"550\" \/>\n\t<meta property=\"og:image:type\" content=\"image\/png\" \/>\n<meta name=\"twitter:card\" content=\"summary_large_image\" \/>\n<meta name=\"twitter:site\" content=\"@elchupete_com\" \/>\n<meta name=\"twitter:label1\" content=\"Estimated reading time\" \/>\n\t<meta name=\"twitter:data1\" content=\"5 minutes\" \/>\n<script type=\"application\/ld+json\" class=\"yoast-schema-graph\">{\"@context\":\"https:\\\/\\\/schema.org\",\"@graph\":[{\"@type\":\"WebPage\",\"@id\":\"https:\\\/\\\/elchupete.com\\\/festival-2022\\\/\",\"url\":\"https:\\\/\\\/elchupete.com\\\/festival-2022\\\/\",\"name\":\"El Chupete - Festival Internacional de Comunicaci\u00f3n Infantil 2020\",\"isPartOf\":{\"@id\":\"https:\\\/\\\/elchupete.com\\\/#website\"},\"datePublished\":\"2023-03-13T12:16:04+00:00\",\"dateModified\":\"2023-12-19T15:36:24+00:00\",\"description\":\"Festival Internacional de Comunicaci\u00f3n Infantil celebr\u00f3 su XVI Edici\u00f3n en formato semi-presencial desde El C\u00edrculo de Bellas Artes de Madrid.\",\"breadcrumb\":{\"@id\":\"https:\\\/\\\/elchupete.com\\\/festival-2022\\\/#breadcrumb\"},\"inLanguage\":\"en-GB\",\"potentialAction\":[{\"@type\":\"ReadAction\",\"target\":[\"https:\\\/\\\/elchupete.com\\\/festival-2022\\\/\"]}]},{\"@type\":\"BreadcrumbList\",\"@id\":\"https:\\\/\\\/elchupete.com\\\/festival-2022\\\/#breadcrumb\",\"itemListElement\":[{\"@type\":\"ListItem\",\"position\":1,\"name\":\"Portada\",\"item\":\"https:\\\/\\\/elchupete.com\\\/\"},{\"@type\":\"ListItem\",\"position\":2,\"name\":\"Festival 2022\"}]},{\"@type\":\"WebSite\",\"@id\":\"https:\\\/\\\/elchupete.com\\\/#website\",\"url\":\"https:\\\/\\\/elchupete.com\\\/\",\"name\":\"El Chupete\",\"description\":\"Festival de Comunicaci\u00f3n Infantil\",\"publisher\":{\"@id\":\"https:\\\/\\\/elchupete.com\\\/#organization\"},\"potentialAction\":[{\"@type\":\"SearchAction\",\"target\":{\"@type\":\"EntryPoint\",\"urlTemplate\":\"https:\\\/\\\/elchupete.com\\\/?s={search_term_string}\"},\"query-input\":{\"@type\":\"PropertyValueSpecification\",\"valueRequired\":true,\"valueName\":\"search_term_string\"}}],\"inLanguage\":\"en-GB\"},{\"@type\":\"Organization\",\"@id\":\"https:\\\/\\\/elchupete.com\\\/#organization\",\"name\":\"El Chupete\",\"url\":\"https:\\\/\\\/elchupete.com\\\/\",\"logo\":{\"@type\":\"ImageObject\",\"inLanguage\":\"en-GB\",\"@id\":\"https:\\\/\\\/elchupete.com\\\/#\\\/schema\\\/logo\\\/image\\\/\",\"url\":\"https:\\\/\\\/elchupete.com\\\/wp-content\\\/uploads\\\/2022\\\/09\\\/elchupete-logo-color.png\",\"contentUrl\":\"https:\\\/\\\/elchupete.com\\\/wp-content\\\/uploads\\\/2022\\\/09\\\/elchupete-logo-color.png\",\"width\":1300,\"height\":550,\"caption\":\"El Chupete\"},\"image\":{\"@id\":\"https:\\\/\\\/elchupete.com\\\/#\\\/schema\\\/logo\\\/image\\\/\"},\"sameAs\":[\"https:\\\/\\\/www.facebook.com\\\/festivalelchupete\\\/\",\"https:\\\/\\\/x.com\\\/elchupete_com\",\"https:\\\/\\\/www.linkedin.com\\\/company\\\/festival-el-chupete\\\/?originalSubdomain=es\",\"https:\\\/\\\/www.youtube.com\\\/channel\\\/UCQQh7miXV7AGPQ0BVwzOJoA\",\"https:\\\/\\\/www.instagram.com\\\/elchupete_com\\\/\"]}]}<\/script>\n<!-- \/ Yoast SEO plugin. -->","yoast_head_json":{"title":"El Chupete - Festival Internacional de Comunicaci\u00f3n Infantil 2020","description":"Festival Internacional de Comunicaci\u00f3n Infantil celebr\u00f3 su XVI Edici\u00f3n en formato semi-presencial desde El C\u00edrculo de Bellas Artes de Madrid.","robots":{"index":"index","follow":"follow","max-snippet":"max-snippet:-1","max-image-preview":"max-image-preview:large","max-video-preview":"max-video-preview:-1"},"canonical":"https:\/\/elchupete.com\/en\/festival-2022\/","og_locale":"en_GB","og_type":"article","og_title":"El Chupete - Festival Internacional de Comunicaci\u00f3n Infantil 2020","og_description":"Festival Internacional de Comunicaci\u00f3n Infantil celebr\u00f3 su XVI Edici\u00f3n en formato semi-presencial desde El C\u00edrculo de Bellas Artes de Madrid.","og_url":"https:\/\/elchupete.com\/en\/festival-2022\/","og_site_name":"El Chupete","article_publisher":"https:\/\/www.facebook.com\/festivalelchupete\/","article_modified_time":"2023-12-19T15:36:24+00:00","og_image":[{"width":1300,"height":550,"url":"https:\/\/elchupete.com\/wp-content\/uploads\/2022\/09\/elchupete-logo-color.png","type":"image\/png"}],"twitter_card":"summary_large_image","twitter_site":"@elchupete_com","twitter_misc":{"Estimated reading time":"5 minutes"},"schema":{"@context":"https:\/\/schema.org","@graph":[{"@type":"WebPage","@id":"https:\/\/elchupete.com\/festival-2022\/","url":"https:\/\/elchupete.com\/festival-2022\/","name":"El Chupete - Festival Internacional de Comunicaci\u00f3n Infantil 2020","isPartOf":{"@id":"https:\/\/elchupete.com\/#website"},"datePublished":"2023-03-13T12:16:04+00:00","dateModified":"2023-12-19T15:36:24+00:00","description":"Festival Internacional de Comunicaci\u00f3n Infantil celebr\u00f3 su XVI Edici\u00f3n en formato semi-presencial desde El C\u00edrculo de Bellas Artes de Madrid.","breadcrumb":{"@id":"https:\/\/elchupete.com\/festival-2022\/#breadcrumb"},"inLanguage":"en-GB","potentialAction":[{"@type":"ReadAction","target":["https:\/\/elchupete.com\/festival-2022\/"]}]},{"@type":"BreadcrumbList","@id":"https:\/\/elchupete.com\/festival-2022\/#breadcrumb","itemListElement":[{"@type":"ListItem","position":1,"name":"Portada","item":"https:\/\/elchupete.com\/"},{"@type":"ListItem","position":2,"name":"Festival 2022"}]},{"@type":"WebSite","@id":"https:\/\/elchupete.com\/#website","url":"https:\/\/elchupete.com\/","name":"El Chupete","description":"Festival de Comunicaci\u00f3n Infantil","publisher":{"@id":"https:\/\/elchupete.com\/#organization"},"potentialAction":[{"@type":"SearchAction","target":{"@type":"EntryPoint","urlTemplate":"https:\/\/elchupete.com\/?s={search_term_string}"},"query-input":{"@type":"PropertyValueSpecification","valueRequired":true,"valueName":"search_term_string"}}],"inLanguage":"en-GB"},{"@type":"Organization","@id":"https:\/\/elchupete.com\/#organization","name":"El Chupete","url":"https:\/\/elchupete.com\/","logo":{"@type":"ImageObject","inLanguage":"en-GB","@id":"https:\/\/elchupete.com\/#\/schema\/logo\/image\/","url":"https:\/\/elchupete.com\/wp-content\/uploads\/2022\/09\/elchupete-logo-color.png","contentUrl":"https:\/\/elchupete.com\/wp-content\/uploads\/2022\/09\/elchupete-logo-color.png","width":1300,"height":550,"caption":"El Chupete"},"image":{"@id":"https:\/\/elchupete.com\/#\/schema\/logo\/image\/"},"sameAs":["https:\/\/www.facebook.com\/festivalelchupete\/","https:\/\/x.com\/elchupete_com","https:\/\/www.linkedin.com\/company\/festival-el-chupete\/?originalSubdomain=es","https:\/\/www.youtube.com\/channel\/UCQQh7miXV7AGPQ0BVwzOJoA","https:\/\/www.instagram.com\/elchupete_com\/"]}]}},"_links":{"self":[{"href":"https:\/\/elchupete.com\/en\/wp-json\/wp\/v2\/pages\/2643","targetHints":{"allow":["GET"]}}],"collection":[{"href":"https:\/\/elchupete.com\/en\/wp-json\/wp\/v2\/pages"}],"about":[{"href":"https:\/\/elchupete.com\/en\/wp-json\/wp\/v2\/types\/page"}],"author":[{"embeddable":true,"href":"https:\/\/elchupete.com\/en\/wp-json\/wp\/v2\/users\/4"}],"replies":[{"embeddable":true,"href":"https:\/\/elchupete.com\/en\/wp-json\/wp\/v2\/comments?post=2643"}],"version-history":[{"count":51,"href":"https:\/\/elchupete.com\/en\/wp-json\/wp\/v2\/pages\/2643\/revisions"}],"predecessor-version":[{"id":3203,"href":"https:\/\/elchupete.com\/en\/wp-json\/wp\/v2\/pages\/2643\/revisions\/3203"}],"wp:attachment":[{"href":"https:\/\/elchupete.com\/en\/wp-json\/wp\/v2\/media?parent=2643"}],"curies":[{"name":"wp","href":"https:\/\/api.w.org\/{rel}","templated":true}]}}